{"id":654,"date":"2024-07-18T18:25:05","date_gmt":"2024-07-18T18:25:05","guid":{"rendered":"https:\/\/bourreavelo.subterranologie.fr\/?page_id=654"},"modified":"2024-07-19T10:12:21","modified_gmt":"2024-07-19T10:12:21","slug":"activites","status":"publish","type":"page","link":"https:\/\/bourreavelo.subterranologie.fr\/index.php\/activites\/","title":{"rendered":"Foire aux questions"},"content":{"rendered":"\n\n\t<h2>Foire aux questions &#8211; G\u00e9n\u00e9ral<\/h2>\n\t<style>#sp-ea-724 .spcollapsing { height: 0; overflow: hidden; transition-property: height;transition-duration: 300ms;}#sp-ea-724.sp-easy-accordion>.sp-ea-single {margin-bottom: 10px; border: 1px solid #e2e2e2; }#sp-ea-724.sp-easy-accordion>.sp-ea-single>.ea-header a {color: #444;}#sp-ea-724.sp-easy-accordion>.sp-ea-single>.sp-collapse>.ea-body {background: #fff; color: #444;}#sp-ea-724.sp-easy-accordion>.sp-ea-single {background: #eee;}#sp-ea-724.sp-easy-accordion>.sp-ea-single>.ea-header a .ea-expand-icon { float: left; color: #444;font-size: 16px;}<\/style><div id=\"sp_easy_accordion-1721381263\"><div id=\"sp-ea-724\" class=\"sp-ea-one sp-easy-accordion\" data-ea-active=\"ea-click\" data-ea-mode=\"vertical\" data-preloader=\"\" data-scroll-active-item=\"\" data-offset-to-scroll=\"0\"><div class=\"ea-card ea-expand sp-ea-single\"><h3 class=\"ea-header\"><a class=\"collapsed\" id=\"ea-header-7240\" role=\"button\" data-sptoggle=\"spcollapse\" data-sptarget=\"#collapse7240\" aria-controls=\"collapse7240\" href=\"#\" aria-expanded=\"true\" tabindex=\"0\"><i aria-hidden=\"true\" role=\"presentation\" class=\"ea-expand-icon eap-icon-ea-expand-minus\"><\/i> Les programmes sont-ils accessibles \u00e0 tous ?<\/a><\/h3><div class=\"sp-collapse spcollapse collapsed show\" id=\"collapse7240\" data-parent=\"#sp-ea-724\" role=\"region\" aria-labelledby=\"ea-header-7240\"> <div class=\"ea-body\"><p><span>Oui, les activit\u00e9s sont adapt\u00e9es \u00e0 toute personne ayant une condition physique normale. Nos programmes sont actifs, mais pas n\u00e9cessairement sportifs. Le rythme est ajust\u00e9 au plus lent du groupe.<\/span><br \/><span>\u00c0 la cave Augier, veuillez noter que vous devez descendre et monter un long escalier en colima\u00e7on pour participer aux programmes de grottes.<\/span><\/p><p><span>Vous ne savez pas si vous pouvez g\u00e9rer cela sous conditions\u00a0? Veuillez nous contacter par t\u00e9l\u00e9phone pour des conseils personnalis\u00e9s.\u00a0<\/span><\/p><\/div><\/div><\/div><div class=\"ea-card sp-ea-single\"><h3 class=\"ea-header\"><a class=\"collapsed\" id=\"ea-header-7241\" role=\"button\" data-sptoggle=\"spcollapse\" data-sptarget=\"#collapse7241\" aria-controls=\"collapse7241\" href=\"#\" aria-expanded=\"false\" tabindex=\"0\"><i aria-hidden=\"true\" role=\"presentation\" class=\"ea-expand-icon eap-icon-ea-expand-plus\"><\/i> Est-il possible de r\u00e9server avec de grands groupes ?<\/a><\/h3><div class=\"sp-collapse spcollapse \" id=\"collapse7241\" data-parent=\"#sp-ea-724\" role=\"region\" aria-labelledby=\"ea-header-7241\"> <div class=\"ea-body\"><p>Oui, nos programmes ont une capacit\u00e9 de 1500 visiteurs actifs par jour.<\/p><\/div><\/div><\/div><div class=\"ea-card sp-ea-single\"><h3 class=\"ea-header\"><a class=\"collapsed\" id=\"ea-header-7242\" role=\"button\" data-sptoggle=\"spcollapse\" data-sptarget=\"#collapse7242\" aria-controls=\"collapse7242\" href=\"#\" aria-expanded=\"false\" tabindex=\"0\"><i aria-hidden=\"true\" role=\"presentation\" class=\"ea-expand-icon eap-icon-ea-expand-plus\"><\/i> La cave est-elle accessible en transports en commun ?<\/a><\/h3><div class=\"sp-collapse spcollapse \" id=\"collapse7242\" data-parent=\"#sp-ea-724\" role=\"region\" aria-labelledby=\"ea-header-7242\"> <div class=\"ea-body\"><p>Il existe des navettes depuis la gare de Bourr\u00e9.<\/p><\/div><\/div><\/div><div class=\"ea-card sp-ea-single\"><h3 class=\"ea-header\"><a class=\"collapsed\" id=\"ea-header-7243\" role=\"button\" data-sptoggle=\"spcollapse\" data-sptarget=\"#collapse7243\" aria-controls=\"collapse7243\" href=\"#\" aria-expanded=\"false\" tabindex=\"0\"><i aria-hidden=\"true\" role=\"presentation\" class=\"ea-expand-icon eap-icon-ea-expand-plus\"><\/i> Nous venons avec un autocar, pouvons-nous le garer quelque part ?<\/a><\/h3><div class=\"sp-collapse spcollapse \" id=\"collapse7243\" data-parent=\"#sp-ea-724\" role=\"region\" aria-labelledby=\"ea-header-7243\"> <div class=\"ea-body\"><p>Il y a deux voies de bus devant l'entr\u00e9e du troglodyte, qui nffrent que des options d'entr\u00e9e et de sortie. Les bus peuvent \u00e9galement d\u00e9poser les visiteurs devant la cave. Il est pr\u00e9f\u00e9rable de garer les bus au parking des bus du Holland Casino. \u00c0 Hoeve Schaloen, nous disposons de notre propre parking pour les bus.<\/p><\/div><\/div><\/div><div class=\"ea-card sp-ea-single\"><h3 class=\"ea-header\"><a class=\"collapsed\" id=\"ea-header-7244\" role=\"button\" data-sptoggle=\"spcollapse\" data-sptarget=\"#collapse7244\" aria-controls=\"collapse7244\" href=\"#\" aria-expanded=\"false\" tabindex=\"0\"><i aria-hidden=\"true\" role=\"presentation\" class=\"ea-expand-icon eap-icon-ea-expand-plus\"><\/i> Les animaux sont-ils autoris\u00e9s ?<\/a><\/h3><div class=\"sp-collapse spcollapse \" id=\"collapse7244\" data-parent=\"#sp-ea-724\" role=\"region\" aria-labelledby=\"ea-header-7244\"> <div class=\"ea-body\"><p><span>Pour des raisons de s\u00e9curit\u00e9, les animaux ne sont malheureusement pas admis lors de nos programmes.<\/span><\/p><p><span>Ceci ne s'applique pas \u00e0 la visite d'orientation \u00e0 pied. Il n'y a aucun risque de s\u00e9curit\u00e9 exceptionnel lors de cette randonn\u00e9e en surface et les animaux de compagnie sont les bienvenus.<\/span><\/p><p><span>Vous souhaitez faire une activit\u00e9 avec nous mais vous n'avez pas de gardien pour votre animal ? Appelez-nous, nous pourrons peut-\u00eatre garder votre meilleur ami \u00e0 notre bureau.<\/span><\/p><\/div><\/div><\/div><\/div><\/div>\n\t<h2>Foire aux questions : Dans les caves<\/h2>\n\t<style>#sp-ea-726 .spcollapsing { height: 0; overflow: hidden; transition-property: height;transition-duration: 300ms;}#sp-ea-726.sp-easy-accordion>.sp-ea-single {margin-bottom: 10px; border: 1px solid #e2e2e2; }#sp-ea-726.sp-easy-accordion>.sp-ea-single>.ea-header a {color: #444;}#sp-ea-726.sp-easy-accordion>.sp-ea-single>.sp-collapse>.ea-body {background: #fff; color: #444;}#sp-ea-726.sp-easy-accordion>.sp-ea-single {background: #eee;}#sp-ea-726.sp-easy-accordion>.sp-ea-single>.ea-header a .ea-expand-icon { float: left; color: #444;font-size: 16px;}<\/style><div id=\"sp_easy_accordion-1721382070\"><div id=\"sp-ea-726\" class=\"sp-ea-one sp-easy-accordion\" data-ea-active=\"ea-click\" data-ea-mode=\"vertical\" data-preloader=\"\" data-scroll-active-item=\"\" data-offset-to-scroll=\"0\"><div class=\"ea-card ea-expand sp-ea-single\"><h3 class=\"ea-header\"><a class=\"collapsed\" id=\"ea-header-7260\" role=\"button\" data-sptoggle=\"spcollapse\" data-sptarget=\"#collapse7260\" aria-controls=\"collapse7260\" href=\"#\" aria-expanded=\"true\" tabindex=\"0\"><i aria-hidden=\"true\" role=\"presentation\" class=\"ea-expand-icon eap-icon-ea-expand-minus\"><\/i> Quels v\u00eatements me convient-il de porter ?<\/a><\/h3><div class=\"sp-collapse spcollapse collapsed show\" id=\"collapse7260\" data-parent=\"#sp-ea-726\" role=\"region\" aria-labelledby=\"ea-header-7260\"> <div class=\"ea-body\"><p>Oui, les activit\u00e9s sont adapt\u00e9es \u00e0 toute personne ayant une condition physique normale. Nos programmes sont actifs, mais pas n\u00e9cessairement sportifs. Le rythme est ajust\u00e9 au plus lent du groupe. \u00c0 la carri\u00e8re Sibber, veuillez noter que vous devez descendre et monter un long escalier en colima\u00e7on pour participer aux programmes de grottes. Vous ne savez pas si vous pouvez g\u00e9rer cela sous conditions\u00a0? Veuillez nous contacter par t\u00e9l\u00e9phone pour des conseils personnalis\u00e9s.<\/p><\/div><\/div><\/div><div class=\"ea-card sp-ea-single\"><h3 class=\"ea-header\"><a class=\"collapsed\" id=\"ea-header-7261\" role=\"button\" data-sptoggle=\"spcollapse\" data-sptarget=\"#collapse7261\" aria-controls=\"collapse7261\" href=\"#\" aria-expanded=\"false\" tabindex=\"0\"><i aria-hidden=\"true\" role=\"presentation\" class=\"ea-expand-icon eap-icon-ea-expand-plus\"><\/i> Les personnes souffrant de claustrophobie ou de vertige peuvent-elles \u00e9galement participer ?<\/a><\/h3><div class=\"sp-collapse spcollapse \" id=\"collapse7261\" data-parent=\"#sp-ea-726\" role=\"region\" aria-labelledby=\"ea-header-7261\"> <div class=\"ea-body\"><p>Cela varie selon les personnes et c'est pourquoi nous vous recommandons de contacter notre \u00e9quipe commerciale par e-mail ou par t\u00e9l\u00e9phone pour un conseil personnalis\u00e9.<\/p><\/div><\/div><\/div><div class=\"ea-card sp-ea-single\"><h3 class=\"ea-header\"><a class=\"collapsed\" id=\"ea-header-7262\" role=\"button\" data-sptoggle=\"spcollapse\" data-sptarget=\"#collapse7262\" aria-controls=\"collapse7262\" href=\"#\" aria-expanded=\"false\" tabindex=\"0\"><i aria-hidden=\"true\" role=\"presentation\" class=\"ea-expand-icon eap-icon-ea-expand-plus\"><\/i> J'ai des probl\u00e8mes m\u00e9dicaux tels que des probl\u00e8mes de cou, de dos ou des probl\u00e8mes cardiaques : puis-je participer ?<\/a><\/h3><div class=\"sp-collapse spcollapse \" id=\"collapse7262\" data-parent=\"#sp-ea-726\" role=\"region\" aria-labelledby=\"ea-header-7262\"> <div class=\"ea-body\"><p>Cela varie selon les personnes et c'est pourquoi nous vous recommandons de contacter notre \u00e9quipe commerciale par e-mail ou par t\u00e9l\u00e9phone pour un conseil personnalis\u00e9.<\/p><\/div><\/div><\/div><div class=\"ea-card sp-ea-single\"><h3 class=\"ea-header\"><a class=\"collapsed\" id=\"ea-header-7263\" role=\"button\" data-sptoggle=\"spcollapse\" data-sptarget=\"#collapse7263\" aria-controls=\"collapse7263\" href=\"#\" aria-expanded=\"false\" tabindex=\"0\"><i aria-hidden=\"true\" role=\"presentation\" class=\"ea-expand-icon eap-icon-ea-expand-plus\"><\/i> Puis-je participer pendant ma grossesse ?<\/a><\/h3><div class=\"sp-collapse spcollapse \" id=\"collapse7263\" data-parent=\"#sp-ea-726\" role=\"region\" aria-labelledby=\"ea-header-7263\"> <div class=\"ea-body\"><ul><li><span>Pendant la grossesse; Consultez votre m\u00e9decin \u00e0 tout moment. La participation n'est pas possible pendant &gt; 32 semaines (v\u00e9lo sp\u00e9l\u00e9ologique, v\u00e9lo sp\u00e9l\u00e9ologique \u00e0 travers le temps, randonn\u00e9e sp\u00e9l\u00e9ologique).<\/span><\/li><li><span>La participation n'est pas possible pendant &gt; 36 semaines (Aventure grotte visite)<\/span><\/li><\/ul><\/div><\/div><\/div><div class=\"ea-card sp-ea-single\"><h3 class=\"ea-header\"><a class=\"collapsed\" id=\"ea-header-7264\" role=\"button\" data-sptoggle=\"spcollapse\" data-sptarget=\"#collapse7264\" aria-controls=\"collapse7264\" href=\"#\" aria-expanded=\"false\" tabindex=\"0\"><i aria-hidden=\"true\" role=\"presentation\" class=\"ea-expand-icon eap-icon-ea-expand-plus\"><\/i> Quel est l\u2019\u00e2ge minimum pour participer aux programmes ?<\/a><\/h3><div class=\"sp-collapse spcollapse \" id=\"collapse7264\" data-parent=\"#sp-ea-726\" role=\"region\" aria-labelledby=\"ea-header-7264\"> <div class=\"ea-body\"><ul><li><span>Nos visites de grottes n\u00e9cessitent un \u00e2ge minimum de 6 ans. De plus, une\u00a0<\/span><em><span>hauteur minimale<\/span><\/em><span>\u00a0de 1,40 m s'applique\u00a0\u00a0pour le sp\u00e9l\u00e9ologie et de 1,30 m pour la randonn\u00e9e sp\u00e9l\u00e9ologique. Les enfants de moins de cette taille ne peuvent pas faire de v\u00e9lo en toute s\u00e9curit\u00e9 sur nos v\u00e9los sp\u00e9l\u00e9ologiques ni utiliser notre mat\u00e9riel en toute s\u00e9curit\u00e9 et ne sont donc malheureusement pas autoris\u00e9s \u00e0 participer au v\u00e9lo sp\u00e9l\u00e9ologique ou \u00e0 l'escalade sp\u00e9l\u00e9ologique. Les si\u00e8ges ne peuvent pas \u00eatre plac\u00e9s \u00e0 l'arri\u00e8re de nos v\u00e9los. Nous ne faisons aucune exception \u00e0 cet \u00e9gard pour des raisons de s\u00e9curit\u00e9.<\/span><\/li><\/ul><\/div><\/div><\/div><div class=\"ea-card sp-ea-single\"><h3 class=\"ea-header\"><a class=\"collapsed\" id=\"ea-header-7265\" role=\"button\" data-sptoggle=\"spcollapse\" data-sptarget=\"#collapse7265\" aria-controls=\"collapse7265\" href=\"#\" aria-expanded=\"false\" tabindex=\"0\"><i aria-hidden=\"true\" role=\"presentation\" class=\"ea-expand-icon eap-icon-ea-expand-plus\"><\/i> Vais-je me salir\/mouiller dans les caves ?<\/a><\/h3><div class=\"sp-collapse spcollapse \" id=\"collapse7265\" data-parent=\"#sp-ea-726\" role=\"region\" aria-labelledby=\"ea-header-7265\"> <div class=\"ea-body\"><p>Non, c\u2019est sec et propre dans les grottes. La calcaire peut se retrouver sur les v\u00eatements, mais la poussi\u00e8re de calcaire peut facilement \u00eatre \u00e9limin\u00e9e. Au cours de notre visite aventureuse des caves, vous devrez peut-\u00eatre passer par un r\u00e9servoir d'eau, alors portez un pantalon confortable.<\/p><\/div><\/div><\/div><div class=\"ea-card sp-ea-single\"><h3 class=\"ea-header\"><a class=\"collapsed\" id=\"ea-header-7266\" role=\"button\" data-sptoggle=\"spcollapse\" data-sptarget=\"#collapse7266\" aria-controls=\"collapse7266\" href=\"#\" aria-expanded=\"false\" tabindex=\"0\"><i aria-hidden=\"true\" role=\"presentation\" class=\"ea-expand-icon eap-icon-ea-expand-plus\"><\/i> Les grottes sont-elles basses et \u00e9troites ?<\/a><\/h3><div class=\"sp-collapse spcollapse \" id=\"collapse7266\" data-parent=\"#sp-ea-726\" role=\"region\" aria-labelledby=\"ea-header-7266\"> <div class=\"ea-body\"><p>En g\u00e9n\u00e9ral, on peut se tenir debout et marcher dans les grottes. Les couloirs mesurent en moyenne 4 m\u00e8tres de large et environ 1,90 de haut, mais il y a des endroits dans les couloirs o\u00f9 ils sont l\u00e9g\u00e8rement plus \u00e9troits et plus bas. (le point le plus bas est 1,48), o\u00f9 il faut se baisser.<\/p><\/div><\/div><\/div><div class=\"ea-card sp-ea-single\"><h3 class=\"ea-header\"><a class=\"collapsed\" id=\"ea-header-7267\" role=\"button\" data-sptoggle=\"spcollapse\" data-sptarget=\"#collapse7267\" aria-controls=\"collapse7267\" href=\"#\" aria-expanded=\"false\" tabindex=\"0\"><i aria-hidden=\"true\" role=\"presentation\" class=\"ea-expand-icon eap-icon-ea-expand-plus\"><\/i> Puis-je changer de v\u00eatements sur place ?<\/a><\/h3><div class=\"sp-collapse spcollapse \" id=\"collapse7267\" data-parent=\"#sp-ea-726\" role=\"region\" aria-labelledby=\"ea-header-7267\"> <div class=\"ea-body\"><p>Il n'y a pas de vestiaires dans nos caves , seulement des toilettes.<\/p><\/div><\/div><\/div><div class=\"ea-card sp-ea-single\"><h3 class=\"ea-header\"><a class=\"collapsed\" id=\"ea-header-7268\" role=\"button\" data-sptoggle=\"spcollapse\" data-sptarget=\"#collapse7268\" aria-controls=\"collapse7268\" href=\"#\" aria-expanded=\"false\" tabindex=\"0\"><i aria-hidden=\"true\" role=\"presentation\" class=\"ea-expand-icon eap-icon-ea-expand-plus\"><\/i> Puis-je payer par carte de d\u00e9bit ou de cr\u00e9dit sur place ?<\/a><\/h3><div class=\"sp-collapse spcollapse \" id=\"collapse7268\" data-parent=\"#sp-ea-726\" role=\"region\" aria-labelledby=\"ea-header-7268\"> <div class=\"ea-body\"><p><span>Les groupes de moins de 10 personnes peuvent r\u00e9server en ligne et payer imm\u00e9diatement. Les groupes de plus de 10 personnes recevront une facture avec un lien de paiement.<\/span><\/p><p><span>S'il n'est pas possible de payer de la mani\u00e8re ci-dessus, vous pouvez \u00e9galement payer par carte sur place. De plus, notre syst\u00e8me accepte les modes de paiement suivants :\u00a0<\/span><\/p><p><span>Visa<\/span><\/p><p><span>Visa Electron<\/span><\/p><p><span>MasterCard<\/span><\/p><\/div><\/div><\/div><div class=\"ea-card sp-ea-single\"><h3 class=\"ea-header\"><a class=\"collapsed\" id=\"ea-header-7269\" role=\"button\" data-sptoggle=\"spcollapse\" data-sptarget=\"#collapse7269\" aria-controls=\"collapse7269\" href=\"#\" aria-expanded=\"false\" tabindex=\"0\"><i aria-hidden=\"true\" role=\"presentation\" class=\"ea-expand-icon eap-icon-ea-expand-plus\"><\/i> Puis-je prendre des photos dans les grottes ?<\/a><\/h3><div class=\"sp-collapse spcollapse \" id=\"collapse7269\" data-parent=\"#sp-ea-726\" role=\"region\" aria-labelledby=\"ea-header-7269\"> <div class=\"ea-body\"><p>Oui, des photos peuvent \u00eatre prises dans les grottes.<\/p><\/div><\/div><\/div><div class=\"ea-card sp-ea-single\"><h3 class=\"ea-header\"><a class=\"collapsed\" id=\"ea-header-72610\" role=\"button\" data-sptoggle=\"spcollapse\" data-sptarget=\"#collapse72610\" aria-controls=\"collapse72610\" href=\"#\" aria-expanded=\"false\" tabindex=\"0\"><i aria-hidden=\"true\" role=\"presentation\" class=\"ea-expand-icon eap-icon-ea-expand-plus\"><\/i> Les v\u00e9los sont-ils \u00e9quip\u00e9s de p\u00e9dales \u00e0 clic (p\u00e9dales SPD) ?<\/a><\/h3><div class=\"sp-collapse spcollapse \" id=\"collapse72610\" data-parent=\"#sp-ea-726\" role=\"region\" aria-labelledby=\"ea-header-72610\"> <div class=\"ea-body\"><p>Non, tous nos v\u00e9los sont \u00e9quip\u00e9s de p\u00e9dales VTT standards. Il n'est pas possible d'encliqueter les chaussures de v\u00e9lo dans les p\u00e9dales.<\/p><\/div><\/div><\/div><div class=\"ea-card sp-ea-single\"><h3 class=\"ea-header\"><a class=\"collapsed\" id=\"ea-header-72611\" role=\"button\" data-sptoggle=\"spcollapse\" data-sptarget=\"#collapse72611\" aria-controls=\"collapse72611\" href=\"#\" aria-expanded=\"false\" tabindex=\"0\"><i aria-hidden=\"true\" role=\"presentation\" class=\"ea-expand-icon eap-icon-ea-expand-plus\"><\/i> Un si\u00e8ge enfant peut-il \u00eatre plac\u00e9 \u00e0 l'arri\u00e8re du v\u00e9lo ?<\/a><\/h3><div class=\"sp-collapse spcollapse \" id=\"collapse72611\" data-parent=\"#sp-ea-726\" role=\"region\" aria-labelledby=\"ea-header-72611\"> <div class=\"ea-body\"><p>Non, malheureusement, ce n'est pas possible. Il n'est pas permis d'installer un si\u00e8ge enfant \u00e0 l'arri\u00e8re du v\u00e9lo.<\/p><\/div><\/div><\/div><div class=\"ea-card sp-ea-single\"><h3 class=\"ea-header\"><a class=\"collapsed\" id=\"ea-header-72612\" role=\"button\" data-sptoggle=\"spcollapse\" data-sptarget=\"#collapse72612\" aria-controls=\"collapse72612\" href=\"#\" aria-expanded=\"false\" tabindex=\"0\"><i aria-hidden=\"true\" role=\"presentation\" class=\"ea-expand-icon eap-icon-ea-expand-plus\"><\/i> Puis-je apporter mon propre v\u00e9lo ou du mat\u00e9riel de v\u00e9lo (casque, \u00e9clairage) ?<\/a><\/h3><div class=\"sp-collapse spcollapse \" id=\"collapse72612\" data-parent=\"#sp-ea-726\" role=\"region\" aria-labelledby=\"ea-header-72612\"> <div class=\"ea-body\"><p>Non. Nous voulons garantir \u00e0 tout moment la s\u00e9curit\u00e9 de nos participants et n'autorisons donc pas l'utilisation de votre propre mat\u00e9riel de v\u00e9lo dans la grotte.<\/p><\/div><\/div><\/div><\/div><\/div>\n\n","protected":false},"excerpt":{"rendered":"","protected":false},"author":1,"featured_media":0,"parent":0,"menu_order":0,"comment_status":"closed","ping_status":"closed","template":"","meta":{"ocean_post_layout":"","ocean_both_sidebars_style":"","ocean_both_sidebars_content_width":0,"ocean_both_sidebars_sidebars_width":0,"ocean_sidebar":"","ocean_second_sidebar":"","ocean_disable_margins":"enable","ocean_add_body_class":"","ocean_shortcode_before_top_bar":"","ocean_shortcode_after_top_bar":"","ocean_shortcode_before_header":"","ocean_shortcode_after_header":"","ocean_has_shortcode":"","ocean_shortcode_after_title":"","ocean_shortcode_before_footer_widgets":"","ocean_shortcode_after_footer_widgets":"","ocean_shortcode_before_footer_bottom":"","ocean_shortcode_after_footer_bottom":"","ocean_display_top_bar":"default","ocean_display_header":"default","ocean_header_style":"","ocean_center_header_left_menu":"","ocean_custom_header_template":"","ocean_custom_logo":0,"ocean_custom_retina_logo":0,"ocean_custom_logo_max_width":0,"ocean_custom_logo_tablet_max_width":0,"ocean_custom_logo_mobile_max_width":0,"ocean_custom_logo_max_height":0,"ocean_custom_logo_tablet_max_height":0,"ocean_custom_logo_mobile_max_height":0,"ocean_header_custom_menu":"","ocean_menu_typo_font_family":"","ocean_menu_typo_font_subset":"","ocean_menu_typo_font_size":0,"ocean_menu_typo_font_size_tablet":0,"ocean_menu_typo_font_size_mobile":0,"ocean_menu_typo_font_size_unit":"px","ocean_menu_typo_font_weight":"","ocean_menu_typo_font_weight_tablet":"","ocean_menu_typo_font_weight_mobile":"","ocean_menu_typo_transform":"","ocean_menu_typo_transform_tablet":"","ocean_menu_typo_transform_mobile":"","ocean_menu_typo_line_height":0,"ocean_menu_typo_line_height_tablet":0,"ocean_menu_typo_line_height_mobile":0,"ocean_menu_typo_line_height_unit":"","ocean_menu_typo_spacing":0,"ocean_menu_typo_spacing_tablet":0,"ocean_menu_typo_spacing_mobile":0,"ocean_menu_typo_spacing_unit":"","ocean_menu_link_color":"","ocean_menu_link_color_hover":"","ocean_menu_link_color_active":"","ocean_menu_link_background":"","ocean_menu_link_hover_background":"","ocean_menu_link_active_background":"","ocean_menu_social_links_bg":"","ocean_menu_social_hover_links_bg":"","ocean_menu_social_links_color":"","ocean_menu_social_hover_links_color":"","ocean_disable_title":"default","ocean_disable_heading":"default","ocean_post_title":"","ocean_post_subheading":"","ocean_post_title_style":"","ocean_post_title_background_color":"","ocean_post_title_background":0,"ocean_post_title_bg_image_position":"","ocean_post_title_bg_image_attachment":"","ocean_post_title_bg_image_repeat":"","ocean_post_title_bg_image_size":"","ocean_post_title_height":0,"ocean_post_title_bg_overlay":0.5,"ocean_post_title_bg_overlay_color":"","ocean_disable_breadcrumbs":"default","ocean_breadcrumbs_color":"","ocean_breadcrumbs_separator_color":"","ocean_breadcrumbs_links_color":"","ocean_breadcrumbs_links_hover_color":"","ocean_display_footer_widgets":"default","ocean_display_footer_bottom":"default","ocean_custom_footer_template":"","footnotes":""},"class_list":["post-654","page","type-page","status-publish","hentry","entry"],"_links":{"self":[{"href":"https:\/\/bourreavelo.subterranologie.fr\/index.php\/wp-json\/wp\/v2\/pages\/654"}],"collection":[{"href":"https:\/\/bourreavelo.subterranologie.fr\/index.php\/wp-json\/wp\/v2\/pages"}],"about":[{"href":"https:\/\/bourreavelo.subterranologie.fr\/index.php\/wp-json\/wp\/v2\/types\/page"}],"author":[{"embeddable":true,"href":"https:\/\/bourreavelo.subterranologie.fr\/index.php\/wp-json\/wp\/v2\/users\/1"}],"replies":[{"embeddable":true,"href":"https:\/\/bourreavelo.subterranologie.fr\/index.php\/wp-json\/wp\/v2\/comments?post=654"}],"version-history":[{"count":9,"href":"https:\/\/bourreavelo.subterranologie.fr\/index.php\/wp-json\/wp\/v2\/pages\/654\/revisions"}],"predecessor-version":[{"id":741,"href":"https:\/\/bourreavelo.subterranologie.fr\/index.php\/wp-json\/wp\/v2\/pages\/654\/revisions\/741"}],"wp:attachment":[{"href":"https:\/\/bourreavelo.subterranologie.fr\/index.php\/wp-json\/wp\/v2\/media?parent=654"}],"curies":[{"name":"wp","href":"https:\/\/api.w.org\/{rel}","templated":true}]}}